{"id":41,"date":"2019-01-01T15:25:47","date_gmt":"2019-01-01T13:25:47","guid":{"rendered":"http:\/\/kemianseurat.fi\/kty\/?page_id=41"},"modified":"2019-01-02T14:46:42","modified_gmt":"2019-01-02T12:46:42","slug":"vanhat-hallitukset","status":"publish","type":"page","link":"https:\/\/kemianseurat.fi\/kty\/hallinto\/vanhat-hallitukset\/","title":{"rendered":"Vanhat hallitukset"},"content":{"rendered":"<h3>Hallitus 2018<\/h3>\n<p>Rainer Paloniemi, Pj<\/p>\n<p>Eija Zitting, varapj<\/p>\n<p>Sini Larsen<\/p>\n<p>Jyri Maunuksela<\/p>\n<p>Pekka Oinas<\/p>\n<p>Hilkka Pastinen-Kurula, rahastonhoitaja (opiskelijaj\u00e4sen)<\/p>\n<h3><\/h3>\n<h3>Hallitus 2017<\/h3>\n<p>Tiina Piira, Pj<br \/>\nEija Zitting, varapj<br \/>\nRainer Paloniemi, varapj<br \/>\nSarwar Golam<br \/>\nPekka Oinas<br \/>\nSini Larsen<br \/>\nJyri Maunuksela<br \/>\nHilkka Pastinen-Kurula, rahastonhoitaja (opiskelijaj\u00e4sen)<br \/>\nSimo Kurula, sihteeri (opiskelijaj\u00e4sen)<\/p>\n<h3>Hallitus 2016<\/h3>\n<p>Tiina Piira, Pj<br \/>\nPasi Hagelberg, varapj<br \/>\nJani Porkka, varapj<br \/>\nRainer Paloniemi<br \/>\nSarwar Golam<br \/>\nTomi Keskinen<br \/>\nHilkka Pastinen-Kurula, rahastonhoitaja (opiskelijaj\u00e4sen)<br \/>\nSimo Kurula, sihteeri (opiskelijaj\u00e4sen)<\/p>\n<hr \/>\n<h3>Hallitus 2015<\/h3>\n<p>Risto Hakulinen, Pj<br \/>\nTiina Piira, varapj<br \/>\nPia Saari, varapj ja rahastonhoitaja<br \/>\nPasi Hagelberg<br \/>\nJani Porkka<br \/>\nTomi Keskinen<br \/>\nHilja Korhonen (teekkari)<br \/>\nMarco Meier, sihteeri (teekkari)<\/p>\n<hr \/>\n<h3>2010<\/h3>\n<p>Tiina Piira, puheenjohtaja<br \/>\nEija Zitting, suomenkielinen varapuheenjohtaja<br \/>\nHeli Virkki, ruotsinkielinen varapuheenjohtaja<br \/>\nSarwar Golam<br \/>\nRisto Hakulinen<br \/>\nMarkku Hurme<br \/>\nPia Kontola<br \/>\nSini Larsen<br \/>\nOlli Sorvari, rahastonhoitaja<br \/>\nLiisa Tumelius, Kemistikillan edustaja<br \/>\nHelena Laavi, sihteeri<\/p>\n<hr \/>\n<h3>2009<\/h3>\n<p>Pia Kontola, puheenjohtaja<br \/>\nValentina Liski, suomenkielinen varapuheenjohtaja<br \/>\nHeli Virkki, ruotsinkielinen varapuheenjohtaja<br \/>\nTea Friman<br \/>\nRisto Hakulinen<br \/>\nMarika Hellman<br \/>\nSarwar Golam<br \/>\nPekka Nurmi<br \/>\nTiina Piira<br \/>\nOlli Sorvari, rahastonhoitaja<br \/>\nHelena Laavi, sihteeri<\/p>\n<hr \/>\n<h3>2008<\/h3>\n<p>Pia Kontola, puheenjohtaja<br \/>\nValentina Liski, suomenkielinen varapuheenjohtaja<br \/>\nEija Zitting, ruotsinkielinen varapuheenjohtaja<br \/>\nTea Friman<br \/>\nPasi Hagelberg<br \/>\nRisto Hakulinen<br \/>\nMarkku Hurme<br \/>\nPekka Nurmi<br \/>\nOlli Sorvari, rahastonhoitaja<br \/>\nHelena Laavi, sihteeri<\/p>\n<hr \/>\n<h3>2007<\/h3>\n<p>Tiina Piira, puheenjohtaja<br \/>\nNoora Ristolainen, suomenkielinen varapuheenjohtaja<br \/>\nLeif Ramm-Schmidt, ruotsinkielinen varapuheenjohtaja<br \/>\nTea Friman<br \/>\nPasi Hagelberg<br \/>\nRisto Hakulinen<br \/>\nMarkku Hurme<br \/>\nPia Kontola<br \/>\nValentina Liski<br \/>\nEija Zitting<br \/>\nOlli Sorvari, rahastonhoitaja<br \/>\nHelena Laavi, sihteeri<\/p>\n<hr \/>\n<h3>2006<\/h3>\n<p>Tiina Piira, puheenjohtaja<br \/>\nNoora Ristolainen, suomenkielinen varapuheenjohtaja<br \/>\nRolf Hy\u00f6ky, ruotsinkielinen varapuheenjohtaja<br \/>\nTea Friman<br \/>\nPasi Hagelberg<br \/>\nMarkku Hurme<br \/>\nValentina Liski<br \/>\nLeif Ramm-Schmidt<br \/>\nEija Zitting<br \/>\nJaakko Laine, rahastonhoitaja<br \/>\nHelena Laavi, sihteeri<\/p>\n<hr \/>\n<h3>2005<\/h3>\n<p>Risto Hakulinen, puheenjohtaja<br \/>\nTiina Piira, suomenkielinen varapuheenjohtaja<br \/>\nRolf Hy\u00f6ky, ruotsinkielinen varapuheenjohtaja<br \/>\nPasi Hagelberg<br \/>\nMarkku Hurme<br \/>\nJani Porkka<br \/>\nLeif Ramm-Schmidt<br \/>\nNoora Ristolainen<br \/>\nAnn-Catrin Sundelin<br \/>\nEija Zitting<br \/>\nJaakko O. Laine, rahastonhoitaja<br \/>\nHelena Laavi, sihteeri<\/p>\n<hr \/>\n<h3>2004<\/h3>\n<p>Risto Hakulinen puheenjohtaja<br \/>\nTiina Piira suomenkielinen varapuheenjohtaja<br \/>\nRolf Hy\u00f6ky ruotsinkielinen varapuheenjohtaja<br \/>\nPasi Hagelberg<br \/>\nMarkku Hurme<br \/>\nJani Porkka<br \/>\nLeif Ramm-Schmidt<br \/>\nNoora Ristolainen<br \/>\nAnn-Catrin Sundelin<br \/>\nOlavi Vuorikari<br \/>\nJaakko Laine, rahastonhoitaja<br \/>\nHelena Laavi, sihteeri<\/p>\n<hr \/>\n<h3>2003<\/h3>\n<p>Risto Hakulinen puheenjohtaja<br \/>\nSamuli Zitting suomenkielinen varapuheenjohtaja<br \/>\nRolf Hy\u00f6ky ruotsinkielinen varapuheenjohtaja<br \/>\nHeikki Jaakkola<br \/>\nMikko Lylykangas<br \/>\nTiina Piira<br \/>\nJani Porkka<br \/>\nAnn-Catrin Sundelin<br \/>\nOlavi Vuorikari<br \/>\nEsa Kumpulainen, rahastonhoitaja<br \/>\nHenri Jouppila, sihteeri<\/p>\n<hr \/>\n<h3>2002<\/h3>\n<p>Risto Hakulinen, puheenjohtaja<br \/>\nMarkku Hurme, suomenkielinen varapuheenjohtaja<br \/>\nLeif Ramm-Schmidt, ruotsinkielinen varapuheenjohtaja<br \/>\nHeikki Jaakkola<br \/>\nJani Porkka<br \/>\nMikko Lylykangas<br \/>\nOlavi Vuorikari<br \/>\nSamuli Zitting<br \/>\nHenrik Wikstedt<br \/>\nEsa Kumpulainen, rahastonhoitaja<br \/>\nHenri Jouppila, sihteeri<\/p>\n<hr \/>\n<h3>2001<\/h3>\n<p>Jaakko E. Laine puheenjohtaja<br \/>\nMarkku Hurme suomenkielinen varapuheenjohtaja<br \/>\nRolf Hy\u00f6ky ruotsinkielinen varapuheenjohtaja<br \/>\nHeikki Jaakkola<br \/>\nTuija Levlin<br \/>\nMikko Lylykangas<br \/>\nLeif Ramm-Schmidt<br \/>\nOlavi Vuorikari<br \/>\nSamuli Zitting<br \/>\nCharlotta Lepp\u00e4nen<br \/>\nMari Puoskari<\/p>\n<hr \/>\n<h3>2000<\/h3>\n<p>Jaakko E. Laine puheenjohtaja<br \/>\nKirsi Kavonius-Hietanen suomenkielinen varapuheenjohtaja<br \/>\nRolf Hy\u00f6ky ruotsinkielinen varapuheenjohtaja<br \/>\nMarkku Hurme<br \/>\nHeikki Jaakkola<br \/>\nJukka Korvenoja<br \/>\nTuija Levlin<br \/>\nLeif Ramm-Schmidt<br \/>\nPetri Rautanen<br \/>\nCharlotta Lepp\u00e4nen<br \/>\nAino Sihvola<\/p>\n<hr \/>\n<h3>1999<\/h3>\n<p>Jaakko E. Laine puheenjohtaja<br \/>\nKirsi Kavonius-Hietanen suomenkielinen varapuheenjohtaja<br \/>\nRolf Hy\u00f6ky ruotsinkielinen varapuheenjohtaja<br \/>\nRisto Hakulinen<br \/>\nMarkku Hurme<br \/>\nJukka Korvenoja<br \/>\nTuija Levlin<br \/>\nLeif Ramm-Schmidt<br \/>\nPetri Rautanen<br \/>\nAino Sihvola<br \/>\nBernt \u00c5kesson<\/p>\n<hr \/>\n<h3>1998<\/h3>\n<p>Jaakko E. Laine puheenjohtaja<br \/>\nKirsi Kavonius-Hietanen suomenkielinen varapuheenjohtaja<br \/>\nRolf Hy\u00f6ky ruotsinkielinen varapuheenjohtaja<br \/>\nRisto Hakulinen<br \/>\nJukka Korvenoja<br \/>\nTuija Levlin<br \/>\nRisto Rantala<br \/>\nPetri Rautanen<br \/>\nTarja Tarkkanen<br \/>\nSusanna Koskinen<br \/>\nBernt \u00c5kesson<\/p>\n<hr \/>\n<h3>1997<\/h3>\n<p>Leif Ramm-Scmidt puheenjohtaja<br \/>\nAntero H\u00f6rkk\u00f6 suomenkielinen varapuheenjohtaja<br \/>\nMarkku Karlsson ruotsinkielinen varapuheenjohtaja<br \/>\nRisto Hakulinen<br \/>\nKirsi Kavonius-Hietanen<br \/>\nJukka Korvenoja<br \/>\nOuti Krause<br \/>\nRisto Rantala<br \/>\nTarja Tarkkanen<br \/>\nViveka Eriksson<br \/>\nSusanna Koskinen<\/p>\n<hr \/>\n<h3>1996<\/h3>\n<p>Leif Ramm-Schmidt puheenjohtaja<br \/>\nMarkku Hurme suomenkielinen varapuheenjohtaja<br \/>\nMarkku Karlsson ruotsinkielinen varapuheenjohtaja<br \/>\nJuhani Aittamaa<br \/>\nRisto Hakulinen<br \/>\nAntero H\u00f6rkk\u00f6<br \/>\nOuti Krause<br \/>\nRisto Rantala<br \/>\nTarja Tarkkanen<br \/>\nJohanna Autti<br \/>\nViveka Eriksson<\/p>\n<hr \/>\n<h3>1995<\/h3>\n<p>Jaakko E. Laine puheenjohtaja<br \/>\nMarkku Hurme suomenkielinen varapuheenjohtaja<br \/>\nLeif Ramm-Schmidt ruotsinkielinen varapuheenjohtaja<br \/>\nJuhani Aittamaa<br \/>\nJouni Eerik\u00e4inen<br \/>\nAntero H\u00f6rkk\u00f6<br \/>\nOuti Krause<br \/>\nRisto Rantala<br \/>\nTarja Tarkkanen<br \/>\nJohanna Autti<br \/>\nMari Zabihian<\/p>\n<hr \/>\n<h3>1994<\/h3>\n<p>Jaakko E. Laine puheejohtaja<br \/>\nHannu Holma suomenkielinen varapuheenjohtaja<br \/>\nLeif Ramm-Scmidt ruotsinkielinen varapuheenjohtaja<br \/>\nJouni Eerik\u00e4inen<br \/>\nMarkku Hurme<br \/>\nAntero H\u00f6rkk\u00f6<br \/>\nHeikki Jaakkola<br \/>\nOuti Krause<br \/>\nMikko Hakala<br \/>\nMari Zabihian<\/p>\n<hr \/>\n<h3>1993<\/h3>\n<p>Risto Honkanen puheenjohtaja<br \/>\nRisto Hakulinen varapuheenjohtaja<br \/>\nHannu Holma varapuheenjohtaja<br \/>\nMarkku Hurme<br \/>\nSirpa H\u00e4m\u00e4l\u00e4<br \/>\nHeikki Jaakkola<br \/>\nJaakko E. Laine<br \/>\nJukka Sepp\u00e4l\u00e4<br \/>\nAnna Maria V\u00e4h\u00e4kuopus<br \/>\nMikko Hakala<br \/>\nHillevi Peltola<\/p>\n<hr \/>\n<h3>1992<\/h3>\n<p>Risto Honkanen puheenjohtaja<br \/>\nRisto Hakulinen suomenkielinen varapuheenjohtaja<br \/>\nPer Nyholm ruotsinkielinen varapuheenjohtaja<br \/>\nSirpa H\u00e4m\u00e4l\u00e4<br \/>\nHeikki Jaakkola<br \/>\nJere Koskinen<br \/>\nJaakko E. Laine<br \/>\nJukka Sepp\u00e4l\u00e4<br \/>\nAnne Maria V\u00e4h\u00e4kuopus<br \/>\nHillevi M\u00e4kel\u00e4<br \/>\nNina Salminen<\/p>\n<hr \/>\n<h3>1979<\/h3>\n<p>Bertel Myr\u00e9en puheenjohtaja<br \/>\nOlavi Numminen suomenkielinen varapuheenjohtaja<br \/>\nLeif Rehn ruotsinkielinen varapuheenjohtaja<br \/>\nHeikki Ahonen<br \/>\nLeena Laakso<br \/>\nPia Malmstr\u00f6m<br \/>\nReijo Mokka<br \/>\nPeter Sell<br \/>\nTeemu Tanner<br \/>\nKy\u00f6sti Vento<br \/>\nTuomo Vuojolainen<\/p>\n<hr \/>\n<h3>1972<\/h3>\n<p>Eino Uusitalo puheenjohtaja<br \/>\nTimo Karttunen suomenkielinen varapuheenjohtaja<br \/>\nIngmar Jaatinen ruotsinkielinen varapuheenjohtaja<br \/>\nJorma Jaatinen<br \/>\nMartti J\u00e4nk\u00e4l\u00e4<br \/>\nSakari Kurronen<br \/>\nKarl Laur\u00e9n<br \/>\nAdele Linnamo (os. Aalto)<br \/>\nLeif Ramm-Schmidt<br \/>\nGustaf Rosqvist<br \/>\nVeli Tala<\/p>\n<hr \/>\n<h3>1971<\/h3>\n<p>Yhdistysrekisterinmuutosilmoituksen mukaan voidaan p\u00e4\u00e4tell\u00e4 hallituksen olleen vajaalukuinen.<\/p>\n<p>Yrj\u00e4n\u00e4 Heikinheimo puheenjohtaja<br \/>\nTimo Karttunen suomenkielinen varapuheenjohtaja<br \/>\nIngmar Jaatinen ruotsinkielinen varapuheenjohtaja<br \/>\nKaj Fernstr\u00f6m<br \/>\nErnst von Hertzen<br \/>\nMartti J\u00e4nk\u00e4l\u00e4<br \/>\nSakari Kurronen<br \/>\nRaili Nuortila (os. Vilppula)<br \/>\nGustaf Rosqvist<\/p>\n<hr \/>\n<h3>1970<\/h3>\n<p>Yrj\u00e4n\u00e4 Heikinheimo puheenjohtaja<br \/>\nTimo Karttunen suomenkielinen varapuheenjohtaja<br \/>\nIngmar Jaatinen ruotsinkielinen varapuheenjohtaja<br \/>\nGunnar Damstr\u00f6m<br \/>\nB\u00f6rje Juselius<br \/>\nMartti J\u00e4nk\u00e4l\u00e4<br \/>\nTeuvo Kaikkonen<br \/>\nPekka Kivalo<br \/>\nJorma Ponsi<br \/>\nHarry Schmidt<br \/>\nKarl Uhlenius<\/p>\n","protected":false},"excerpt":{"rendered":"<p>Hallitus 2018 Rainer Paloniemi, Pj Eija Zitting, varapj Sini Larsen Jyri Maunuksela Pekka Oinas Hilkka Pastinen-Kurula, rahastonhoitaja (opiskelijaj\u00e4sen) Hallitus 2017 Tiina Piira, Pj Eija Zitting, varapj Rainer Paloniemi, varapj Sarwar Golam Pekka Oinas Sini Larsen Jyri Maunuksela Hilkka Pastinen-Kurula, rahastonhoitaja (opiskelijaj\u00e4sen) Simo Kurula, sihteeri (opiskelijaj\u00e4sen) Hallitus 2016 Tiina Piira, Pj Pasi Hagelberg, varapj Jani Porkka, &hellip; <\/p>\n<p class=\"link-more\"><a href=\"https:\/\/kemianseurat.fi\/kty\/hallinto\/vanhat-hallitukset\/\" class=\"more-link\">Jatka lukemista<span class=\"screen-reader-text\"> &#8221;Vanhat hallitukset&#8221;<\/span><\/a><\/p>\n","protected":false},"author":1,"featured_media":0,"parent":38,"menu_order":0,"comment_status":"closed","ping_status":"closed","template":"","meta":{"footnotes":""},"class_list":["post-41","page","type-page","status-publish","hentry"],"_links":{"self":[{"href":"https:\/\/kemianseurat.fi\/kty\/wp-json\/wp\/v2\/pages\/41","targetHints":{"allow":["GET"]}}],"collection":[{"href":"https:\/\/kemianseurat.fi\/kty\/wp-json\/wp\/v2\/pages"}],"about":[{"href":"https:\/\/kemianseurat.fi\/kty\/wp-json\/wp\/v2\/types\/page"}],"author":[{"embeddable":true,"href":"https:\/\/kemianseurat.fi\/kty\/wp-json\/wp\/v2\/users\/1"}],"replies":[{"embeddable":true,"href":"https:\/\/kemianseurat.fi\/kty\/wp-json\/wp\/v2\/comments?post=41"}],"version-history":[{"count":8,"href":"https:\/\/kemianseurat.fi\/kty\/wp-json\/wp\/v2\/pages\/41\/revisions"}],"predecessor-version":[{"id":229,"href":"https:\/\/kemianseurat.fi\/kty\/wp-json\/wp\/v2\/pages\/41\/revisions\/229"}],"up":[{"embeddable":true,"href":"https:\/\/kemianseurat.fi\/kty\/wp-json\/wp\/v2\/pages\/38"}],"wp:attachment":[{"href":"https:\/\/kemianseurat.fi\/kty\/wp-json\/wp\/v2\/media?parent=41"}],"curies":[{"name":"wp","href":"https:\/\/api.w.org\/{rel}","templated":true}]}}